{"id":1534,"date":"2016-11-09T11:52:33","date_gmt":"2016-11-09T10:52:33","guid":{"rendered":"https:\/\/www.stationsnicecotedazur.com\/?page_id=1534"},"modified":"2024-12-12T10:43:01","modified_gmt":"2024-12-12T09:43:01","slug":"station-hiver-st-dalmas-fr","status":"publish","type":"page","link":"https:\/\/www.stationsnicecotedazur.com\/fr\/station-hiver-st-dalmas-fr\/","title":{"rendered":"Saint-Dalmas-le-Selvage en hiver"},"content":{"rendered":"\t\t<div data-elementor-type=\"wp-page\" data-elementor-id=\"1534\" class=\"elementor elementor-1534\" data-elementor-post-type=\"page\">\n\t\t\t\t\t\t<section class=\"elementor-section elementor-top-section elementor-element elementor-element-5bd318d elementor-section-full_width elementor-section-height-default elementor-section-height-default\" data-id=\"5bd318d\" data-element_type=\"section\">\n\t\t\t\t\t\t<div class=\"elementor-container elementor-column-gap-default\">\n\t\t\t\t\t<div class=\"elementor-column elementor-col-100 elementor-top-column elementor-element elementor-element-4c78eec\" data-id=\"4c78eec\" data-element_type=\"column\">\n\t\t\t<div class=\"elementor-widget-wrap elementor-element-populated\">\n\t\t\t\t\t\t<div class=\"elementor-element elementor-element-ikaymve elementor-widget elementor-widget-text-editor\" data-id=\"ikaymve\" data-element_type=\"widget\" data-widget_type=\"text-editor.default\">\n\t\t\t\t<div class=\"elementor-widget-container\">\n\t\t\t<div class=\"echo-debug\" style=\"display:none\">array(8) {\n  [0]=>\n  object(stdClass)#5549 (3) {\n    [\"id\"]=>\n    string(3) \"289\"\n    [\"fields\"]=>\n    object(stdClass)#4977 (2) {\n      [\"title\"]=>\n      string(78) \"banniere \/ St Dalmas Le Selvagee \/ st-dalmas \/ hiver \/ Saint-Dalmas Le Selvage\"\n      [\"caption\"]=>\n      string(138) \"<p>Rando raquettes, Roubion,06, Alpes-Maritimes, Paca, France, Europe \/\/Europe, France, Paca, Alpes-Maritimes, 06,Roubion, snowshoeing<\/p>\"\n    }\n    [\"post_id\"]=>\n    int(1534)\n  }\n  [1]=>\n  object(stdClass)#4994 (3) {\n    [\"id\"]=>\n    string(3) \"285\"\n    [\"fields\"]=>\n    object(stdClass)#5041 (2) {\n      [\"title\"]=>\n      string(162) \"mosaic \/ St Dalmas Le Selvage \/ st-dalmas \/ hiver \/ Situ\u00e9 sur la route de la Bonnette Saint-Dalmas le Selvage est le d\u00e9part de  nombreuses randonn\u00e9es nordiques\"\n      [\"caption\"]=>\n      string(79) \"<p>ST DALMAS LE SELVAGE - STATION DU MERCANTOUR - 06 ALPES MARITIMES FRANCE<\/p>\"\n    }\n    [\"post_id\"]=>\n    int(1534)\n  }\n  [2]=>\n  object(stdClass)#5032 (3) {\n    [\"id\"]=>\n    string(3) \"286\"\n    [\"fields\"]=>\n    object(stdClass)#5051 (2) {\n      [\"title\"]=>\n      string(199) \"mosaic \/ St Dalmas Le Selvage \/ st-dalmas \/ hiver \/ La commune poss\u00e8de un patrimoine religieux exceptionnel, dont l\u2019\u00e9glise  paroissiale Saint-Dalmas du XVIIIe si\u00e8cle class\u00e9e Monument Historique\"\n      [\"caption\"]=>\n      string(79) \"<p>ST DALMAS LE SELVAGE - STATION DU MERCANTOUR - 06 ALPES MARITIMES FRANCE<\/p>\"\n    }\n    [\"post_id\"]=>\n    int(1534)\n  }\n  [3]=>\n  object(stdClass)#5034 (3) {\n    [\"id\"]=>\n    string(3) \"287\"\n    [\"fields\"]=>\n    object(stdClass)#5050 (2) {\n      [\"title\"]=>\n      string(141) \"mosaic \/ St Dalmas Le Selvage \/ st-dalmas \/ hiver \/ En 2013, Saint-Dalmas le Selvage a re\u00e7u le label \u00ab Station village des Alpes  du Sud \u00bb\"\n      [\"caption\"]=>\n      string(79) \"<p>ST DALMAS LE SELVAGE - STATION DU MERCANTOUR - 06 ALPES MARITIMES FRANCE<\/p>\"\n    }\n    [\"post_id\"]=>\n    int(1534)\n  }\n  [4]=>\n  object(stdClass)#5044 (3) {\n    [\"id\"]=>\n    string(3) \"289\"\n    [\"fields\"]=>\n    object(stdClass)#5065 (2) {\n      [\"title\"]=>\n      string(172) \"mosaic \/ St Dalmas Le Selvage \/ st-dalmas \/ hiver \/ Les raquettes offrent le plaisir de marcher sur une \u00e9paisse couche de  neige poudreuse \u2013 \u00e9vasion nordique assur\u00e9e !\"\n      [\"caption\"]=>\n      string(138) \"<p>Rando raquettes, Roubion,06, Alpes-Maritimes, Paca, France, Europe \/\/Europe, France, Paca, Alpes-Maritimes, 06,Roubion, snowshoeing<\/p>\"\n    }\n    [\"post_id\"]=>\n    int(1534)\n  }\n  [5]=>\n  object(stdClass)#5059 (3) {\n    [\"id\"]=>\n    string(3) \"256\"\n    [\"fields\"]=>\n    object(stdClass)#5062 (2) {\n      [\"title\"]=>\n      string(130) \"mosaic \/ St Dalmas Le Selvage \/ st-dalmas \/ hiver \/ Les toits en bardeaux de m\u00e9l\u00e8ze, la sp\u00e9cificit\u00e9 des habitations du village\"\n      [\"caption\"]=>\n      string(48) \"<p>St Dalmas le Selvage (06) Alpes Maritimes<\/p>\"\n    }\n    [\"post_id\"]=>\n    int(1534)\n  }\n  [6]=>\n  object(stdClass)#5058 (3) {\n    [\"id\"]=>\n    string(3) \"254\"\n    [\"fields\"]=>\n    object(stdClass)#5076 (2) {\n      [\"title\"]=>\n      string(108) \"mosaic \/ St Dalmas Le Selvage \/ st-dalmas \/ hiver \/ L\u2019\u00e9glise abrite de nombreuses \u0153uvres du XVIe si\u00e8cle\"\n      [\"caption\"]=>\n      string(35) \"<p>illustration chapelle eglise<\/p>\"\n    }\n    [\"post_id\"]=>\n    int(1534)\n  }\n  [7]=>\n  object(stdClass)#5083 (3) {\n    [\"id\"]=>\n    string(3) \"255\"\n    [\"fields\"]=>\n    object(stdClass)#5091 (2) {\n      [\"title\"]=>\n      string(120) \"mosaic \/ St Dalmas Le Selvage \/ st-dalmas \/ hiver \/ Les cadrans solaires ornent les fa\u00e7ades des maisons traditionnelles\"\n      [\"caption\"]=>\n      string(48) \"<p>St Dalmas le Selvage (06) Alpes Maritimes<\/p>\"\n    }\n    [\"post_id\"]=>\n    int(1534)\n  }\n}\n<\/div>\t\t\t\t<div id=\"banniere-banniere\" class=\"banniere2\" style=\"background-image:url('https:\/\/www.stationsnicecotedazur.com\/wp-content\/uploads\/2016\/11\/St-Dalmas-4-copie.jpg');\"><h1>st dalmas le selvagee<\/h1><div class=\"pattern-triangle pattern-line\"><\/div><\/div>\t\t\t\t\t\t<\/div>\n\t\t\t\t<\/div>\n\t\t\t\t\t<\/div>\n\t\t<\/div>\n\t\t\t\t\t<\/div>\n\t\t<\/section>\n\t\t\t\t<section class=\"elementor-section elementor-top-section elementor-element elementor-element-760f969a elementor-section-boxed elementor-section-height-default elementor-section-height-default\" data-id=\"760f969a\" data-element_type=\"section\">\n\t\t\t\t\t\t<div class=\"elementor-container elementor-column-gap-default\">\n\t\t\t\t\t<div class=\"elementor-column elementor-col-100 elementor-top-column elementor-element elementor-element-60a4883\" data-id=\"60a4883\" data-element_type=\"column\">\n\t\t\t<div class=\"elementor-widget-wrap elementor-element-populated\">\n\t\t\t\t\t\t<div class=\"elementor-element elementor-element-af5d6b7 elementor-widget elementor-widget-image\" data-id=\"af5d6b7\" data-element_type=\"widget\" data-widget_type=\"image.default\">\n\t\t\t\t<div class=\"elementor-widget-container\">\n\t\t\t\t\t\t\t\t\t\t\t\t\t<img decoding=\"async\" width=\"244\" height=\"79\" src=\"https:\/\/www.stationsnicecotedazur.com\/wp-content\/uploads\/2016\/11\/logo_st-dalmas_noir_retina.png\" class=\"attachment-full size-full wp-image-1537\" alt=\"\" \/>\t\t\t\t\t\t\t\t\t\t\t\t\t<\/div>\n\t\t\t\t<\/div>\n\t\t\t\t<section class=\"elementor-section elementor-inner-section elementor-element elementor-element-a608f38 elementor-section-boxed elementor-section-height-default elementor-section-height-default\" data-id=\"a608f38\" data-element_type=\"section\">\n\t\t\t\t\t\t<div class=\"elementor-container elementor-column-gap-default\">\n\t\t\t\t\t<div class=\"elementor-column elementor-col-100 elementor-inner-column elementor-element elementor-element-1310c470\" data-id=\"1310c470\" data-element_type=\"column\">\n\t\t\t<div class=\"elementor-widget-wrap elementor-element-populated\">\n\t\t\t\t\t\t<div class=\"elementor-element elementor-element-42a240b9 elementor-widget elementor-widget-html\" data-id=\"42a240b9\" data-element_type=\"widget\" data-widget_type=\"html.default\">\n\t\t\t\t<div class=\"elementor-widget-container\">\n\t\t\t<div class=\"line-icon\">\n    <div class=\"line-icon-inner\">\n        <a class=\"col-xs-6\" href=\"\/fr\/webcam\/st-dalmas\" title=\"Webcam\">\n        \t<i class=\"mrc mrc-webcam\"><\/i>\n        \tWebcam\n        <\/a>\n        <a class=\"col-xs-6\" href=\"\/fr\/meteo\/st-dalmas\" title=\"M\u00e9t\u00e9o\">\n        \t<i class=\"mrc mrc-meteo\"><\/i>\n        \tM\u00e9t\u00e9o\n        <\/a>\n        <a class=\"col-xs-6\" href=\"http:\/\/www.saintdalmasleselvage.com\/\" title=\"Site\">\n        \t<i class=\"icon icon-earth\"><\/i>\n        \tSite internet\n        <\/a>\n        <a class=\"col-xs-6\" href=\"\/fr\/hiver\/auron\/\" title=\"Autre station\">\n        \t<i class=\"icon icon-swich\"><\/i>\n        \tChanger de station\n        <\/a>\n    <\/div>\n<\/div>\n\t\t<\/div>\n\t\t\t\t<\/div>\n\t\t\t\t\t<\/div>\n\t\t<\/div>\n\t\t\t\t\t<\/div>\n\t\t<\/section>\n\t\t\t\t\t<\/div>\n\t\t<\/div>\n\t\t\t\t\t<\/div>\n\t\t<\/section>\n\t\t\t\t<section class=\"elementor-section elementor-top-section elementor-element elementor-element-732722f8 elementor-section-height-min-height elementor-section-boxed elementor-section-height-default elementor-section-items-middle\" data-id=\"732722f8\" data-element_type=\"section\" data-settings=\"{&quot;background_background&quot;:&quot;classic&quot;}\">\n\t\t\t\t\t\t<div class=\"elementor-container elementor-column-gap-default\">\n\t\t\t\t\t<div class=\"elementor-column elementor-col-100 elementor-top-column elementor-element elementor-element-10144e64\" data-id=\"10144e64\" data-element_type=\"column\" data-settings=\"{&quot;background_background&quot;:&quot;classic&quot;}\">\n\t\t\t<div class=\"elementor-widget-wrap elementor-element-populated\">\n\t\t\t\t\t\t<div class=\"elementor-element elementor-element-786a8521 elementor-widget elementor-widget-spacer\" data-id=\"786a8521\" data-element_type=\"widget\" data-widget_type=\"spacer.default\">\n\t\t\t\t<div class=\"elementor-widget-container\">\n\t\t\t\t\t<div class=\"elementor-spacer\">\n\t\t\t<div class=\"elementor-spacer-inner\"><\/div>\n\t\t<\/div>\n\t\t\t\t<\/div>\n\t\t\t\t<\/div>\n\t\t\t\t\t<\/div>\n\t\t<\/div>\n\t\t\t\t\t<\/div>\n\t\t<\/section>\n\t\t\t\t<section class=\"elementor-section elementor-top-section elementor-element elementor-element-4e6e1e6a elementor-section-boxed elementor-section-height-default elementor-section-height-default\" data-id=\"4e6e1e6a\" data-element_type=\"section\">\n\t\t\t\t\t\t<div class=\"elementor-container elementor-column-gap-default\">\n\t\t\t\t\t<div class=\"elementor-column elementor-col-50 elementor-top-column elementor-element elementor-element-6364f958\" data-id=\"6364f958\" data-element_type=\"column\">\n\t\t\t<div class=\"elementor-widget-wrap elementor-element-populated\">\n\t\t\t\t\t\t<div class=\"elementor-element elementor-element-7b9019a ligne-contenu elementor-widget elementor-widget-text-editor\" data-id=\"7b9019a\" data-element_type=\"widget\" data-widget_type=\"text-editor.default\">\n\t\t\t\t<div class=\"elementor-widget-container\">\n\t\t\t\t\t\t\t<h3>Saint-Dalmas le Selvage, une station village au patrimoine naturel exceptionnel<\/h3><p>Situ\u00e9 \u00e0 1500 m\u00e8tres d\u2019altitude, Saint-Dalmas le Selvage est le plus haut village des Alpes-Maritimes. Authentique et calme, cette p\u00e9pite du Mercantour offre aux visiteurs la possibilit\u00e9 de pratiquer de nombreuses activit\u00e9s sportives proches de la nature. Pour les d\u00e9butants ou les initi\u00e9s, Saint-Dalmas le Selvage est une destination reposante, loin de la foule o\u00f9 il fait bon fl\u00e2ner dans ses ruelles pav\u00e9es.<\/p><h3>Vacances nordiques en famille ou entre amis<\/h3><p>Station d\u00e9di\u00e9e \u00e0 la pratique du ski nordique, Saint-Dalmas le Selvage offre au grand public l\u2019occasion d\u2019\u00e9voluer sur des sentiers balis\u00e9s enneig\u00e9s. La station propose aussi des activit\u00e9s de ski de fond, luge et escalade de cascades de glace naturelles. Au d\u00e9part du village, en acc\u00e8s libre ou accompagn\u00e9 d\u2019un guide, il y en a pour tous les go\u00fbts et pour tous les niveaux. Evasion nordique garantie.<\/p><h3>D\u00e9couverte d\u2019un village authentique<\/h3><p>A 100 km de Nice, Saint-Dalmas le Selvage se pare de son manteau blanc et bleu tout l\u2019hiver. Dispos\u00e9es en hameau, les maisons typiques de ce village ancestral sont orn\u00e9es de cadrans solaires sur leur fa\u00e7ade de schiste. Au c\u0153ur du village, une maison de pays propose de louer du mat\u00e9riel pour les activit\u00e9s nordiques. L\u2019occasion d\u2019appr\u00e9cier les grands espaces enneig\u00e9s et les paysages aux reliefs vari\u00e9s de la Haute-Tin\u00e9e.<\/p>\t\t\t\t\t\t<\/div>\n\t\t\t\t<\/div>\n\t\t\t\t<div class=\"elementor-element elementor-element-8d2b0cb elementor-align-center elementor-widget elementor-widget-button\" data-id=\"8d2b0cb\" data-element_type=\"widget\" data-widget_type=\"button.default\">\n\t\t\t\t<div class=\"elementor-widget-container\">\n\t\t\t\t\t\t\t<div class=\"elementor-button-wrapper\">\n\t\t\t\t\t<a class=\"elementor-button elementor-button-link elementor-size-sm\" href=\"http:\/\/saintdalmasleselvage.fr\/\">\n\t\t\t\t\t\t<span class=\"elementor-button-content-wrapper\">\n\t\t\t\t\t\t\t\t\t<span class=\"elementor-button-text\">D\u00e9couvrez la Station<\/span>\n\t\t\t\t\t<\/span>\n\t\t\t\t\t<\/a>\n\t\t\t\t<\/div>\n\t\t\t\t\t\t<\/div>\n\t\t\t\t<\/div>\n\t\t\t\t\t<\/div>\n\t\t<\/div>\n\t\t\t\t<div class=\"elementor-column elementor-col-50 elementor-top-column elementor-element elementor-element-ccd60c6 col-stations\" data-id=\"ccd60c6\" data-element_type=\"column\">\n\t\t\t<div class=\"elementor-widget-wrap elementor-element-populated\">\n\t\t\t\t\t\t<section class=\"elementor-section elementor-inner-section elementor-element elementor-element-623b015a elementor-section-boxed elementor-section-height-default elementor-section-height-default\" data-id=\"623b015a\" data-element_type=\"section\">\n\t\t\t\t\t\t<div class=\"elementor-container elementor-column-gap-default\">\n\t\t\t\t\t<div class=\"elementor-column elementor-col-100 elementor-inner-column elementor-element elementor-element-60570bd\" data-id=\"60570bd\" data-element_type=\"column\">\n\t\t\t<div class=\"elementor-widget-wrap elementor-element-populated\">\n\t\t\t\t\t\t<div class=\"elementor-element elementor-element-1366b096 inlineblock elementor-widget elementor-widget-image\" data-id=\"1366b096\" data-element_type=\"widget\" data-widget_type=\"image.default\">\n\t\t\t\t<div class=\"elementor-widget-container\">\n\t\t\t\t\t\t\t\t\t\t\t\t\t<img decoding=\"async\" width=\"55\" height=\"51\" src=\"https:\/\/www.stationsnicecotedazur.com\/wp-content\/uploads\/2016\/11\/skieur.png\" class=\"attachment-large size-large wp-image-1448\" alt=\"\" \/>\t\t\t\t\t\t\t\t\t\t\t\t\t<\/div>\n\t\t\t\t<\/div>\n\t\t\t\t<div class=\"elementor-element elementor-element-1534db9d inlineblock vertalignmiddle elementor-widget elementor-widget-heading\" data-id=\"1534db9d\" data-element_type=\"widget\" data-widget_type=\"heading.default\">\n\t\t\t\t<div class=\"elementor-widget-container\">\n\t\t\t<h2 class=\"elementor-heading-title elementor-size-default\">DOMAINE<\/h2>\t\t<\/div>\n\t\t\t\t<\/div>\n\t\t\t\t\t<\/div>\n\t\t<\/div>\n\t\t\t\t\t<\/div>\n\t\t<\/section>\n\t\t\t\t<section class=\"elementor-section elementor-inner-section elementor-element elementor-element-4e941848 elementor-section-boxed elementor-section-height-default elementor-section-height-default\" data-id=\"4e941848\" data-element_type=\"section\">\n\t\t\t\t\t\t<div class=\"elementor-container elementor-column-gap-default\">\n\t\t\t\t\t<div class=\"elementor-column elementor-col-50 elementor-inner-column elementor-element elementor-element-52449a7e\" data-id=\"52449a7e\" data-element_type=\"column\">\n\t\t\t<div class=\"elementor-widget-wrap elementor-element-populated\">\n\t\t\t\t\t\t<div class=\"elementor-element elementor-element-827ab78 no-marg-p elementor-widget elementor-widget-text-editor\" data-id=\"827ab78\" data-element_type=\"widget\" data-widget_type=\"text-editor.default\">\n\t\t\t\t<div class=\"elementor-widget-container\">\n\t\t\t\t\t\t\t<p>50 KM<\/p>\t\t\t\t\t\t<\/div>\n\t\t\t\t<\/div>\n\t\t\t\t<div class=\"elementor-element elementor-element-163da641 no-marg-p elementor-widget elementor-widget-text-editor\" data-id=\"163da641\" data-element_type=\"widget\" data-widget_type=\"text-editor.default\">\n\t\t\t\t<div class=\"elementor-widget-container\">\n\t\t\t\t\t\t\t<p>de sentiers balis\u00e9s (raquettes et ski de fond)<\/p>\t\t\t\t\t\t<\/div>\n\t\t\t\t<\/div>\n\t\t\t\t<div class=\"elementor-element elementor-element-6047e3 no-marg-img elementor-widget elementor-widget-image\" data-id=\"6047e3\" data-element_type=\"widget\" data-widget_type=\"image.default\">\n\t\t\t\t<div class=\"elementor-widget-container\">\n\t\t\t\t\t\t\t\t\t\t\t\t\t<img decoding=\"async\" width=\"13\" height=\"8\" src=\"https:\/\/www.stationsnicecotedazur.com\/wp-content\/uploads\/2016\/11\/fleche-bas.png\" class=\"attachment-full size-full wp-image-1453\" alt=\"\" \/>\t\t\t\t\t\t\t\t\t\t\t\t\t<\/div>\n\t\t\t\t<\/div>\n\t\t\t\t<div class=\"elementor-element elementor-element-7aa833c2 no-marg-p elementor-widget elementor-widget-text-editor\" data-id=\"7aa833c2\" data-element_type=\"widget\" data-widget_type=\"text-editor.default\">\n\t\t\t\t<div class=\"elementor-widget-container\">\n\t\t\t\t\t\t\t<p>4.5 km de pistes de ski de fond dont :<br \/>2 boucles :<br \/>&#8211; 1 boucle pour les d\u00e9butants<br \/>&#8211; 1 boucle pour les confirm\u00e9s<\/p>\t\t\t\t\t\t<\/div>\n\t\t\t\t<\/div>\n\t\t\t\t<div class=\"elementor-element elementor-element-17ceb4d6 elementor-widget elementor-widget-image\" data-id=\"17ceb4d6\" data-element_type=\"widget\" data-widget_type=\"image.default\">\n\t\t\t\t<div class=\"elementor-widget-container\">\n\t\t\t\t\t\t\t\t\t\t\t\t\t<img loading=\"lazy\" decoding=\"async\" width=\"56\" height=\"75\" src=\"https:\/\/www.stationsnicecotedazur.com\/wp-content\/uploads\/2016\/11\/piste-stations-blue.png\" class=\"attachment-large size-large wp-image-1465\" alt=\"\" \/>\t\t\t\t\t\t\t\t\t\t\t\t\t<\/div>\n\t\t\t\t<\/div>\n\t\t\t\t\t<\/div>\n\t\t<\/div>\n\t\t\t\t<div class=\"elementor-column elementor-col-50 elementor-inner-column elementor-element elementor-element-3a97b187\" data-id=\"3a97b187\" data-element_type=\"column\">\n\t\t\t<div class=\"elementor-widget-wrap elementor-element-populated\">\n\t\t\t\t\t\t<div class=\"elementor-element elementor-element-5c7b0c6d no-marg-p elementor-widget elementor-widget-text-editor\" data-id=\"5c7b0c6d\" data-element_type=\"widget\" data-widget_type=\"text-editor.default\">\n\t\t\t\t<div class=\"elementor-widget-container\">\n\t\t\t\t\t\t\t<p>4<\/p>\t\t\t\t\t\t<\/div>\n\t\t\t\t<\/div>\n\t\t\t\t<div class=\"elementor-element elementor-element-3e464947 no-marg-p elementor-widget elementor-widget-text-editor\" data-id=\"3e464947\" data-element_type=\"widget\" data-widget_type=\"text-editor.default\">\n\t\t\t\t<div class=\"elementor-widget-container\">\n\t\t\t\t\t\t\t<p>principales ascensions (ski de randonn\u00e9e)<\/p>\t\t\t\t\t\t<\/div>\n\t\t\t\t<\/div>\n\t\t\t\t<div class=\"elementor-element elementor-element-38140ab0 no-marg-img elementor-widget elementor-widget-image\" data-id=\"38140ab0\" data-element_type=\"widget\" data-widget_type=\"image.default\">\n\t\t\t\t<div class=\"elementor-widget-container\">\n\t\t\t\t\t\t\t\t\t\t\t\t\t<img decoding=\"async\" width=\"13\" height=\"8\" src=\"https:\/\/www.stationsnicecotedazur.com\/wp-content\/uploads\/2016\/11\/fleche-bas.png\" class=\"attachment-full size-full wp-image-1453\" alt=\"\" \/>\t\t\t\t\t\t\t\t\t\t\t\t\t<\/div>\n\t\t\t\t<\/div>\n\t\t\t\t<div class=\"elementor-element elementor-element-29a1fba3 no-marg-p elementor-widget elementor-widget-text-editor\" data-id=\"29a1fba3\" data-element_type=\"widget\" data-widget_type=\"text-editor.default\">\n\t\t\t\t<div class=\"elementor-widget-container\">\n\t\t\t\t\t\t\t<p>le Col de la bra\u00efssa<br \/>le Mont Aunos<br \/>la Croix de Carl\u00e9<br \/>le Col de la Mouti\u00e8re<br \/>2 cascades de glace :<br \/>&#8211; 1 cascade de 100 m\u00e8tres<br \/>&#8211; 1 cascade de 150 m\u00e8tres<br \/><br \/><\/p>\t\t\t\t\t\t<\/div>\n\t\t\t\t<\/div>\n\t\t\t\t\t<\/div>\n\t\t<\/div>\n\t\t\t\t\t<\/div>\n\t\t<\/section>\n\t\t\t\t<section class=\"elementor-section elementor-inner-section elementor-element elementor-element-3f05ed51 elementor-section-boxed elementor-section-height-default elementor-section-height-default\" data-id=\"3f05ed51\" data-element_type=\"section\">\n\t\t\t\t\t\t<div class=\"elementor-container elementor-column-gap-default\">\n\t\t\t\t\t<div class=\"elementor-column elementor-col-100 elementor-inner-column elementor-element elementor-element-6b092512\" data-id=\"6b092512\" data-element_type=\"column\">\n\t\t\t<div class=\"elementor-widget-wrap elementor-element-populated\">\n\t\t\t\t\t\t<div class=\"elementor-element elementor-element-55cf33bf elementor-widget elementor-widget-html\" data-id=\"55cf33bf\" data-element_type=\"widget\" data-widget_type=\"html.default\">\n\t\t\t\t<div class=\"elementor-widget-container\">\n\t\t\t<div class=\"wr-element-button simple-white-btn\" style=\";text-align: center;\">\n    <a class=\"btn btn-sm btn-default \" href=\"http:\/\/saintdalmasleselvage.fr\/\" target=\"_blank\">\n        R\u00e9servez votre forfait\n    <\/a>\n<\/div>\t\t<\/div>\n\t\t\t\t<\/div>\n\t\t\t\t<div class=\"elementor-element elementor-element-ca9da0a titre titre-activites-domaine elementor-widget elementor-widget-heading\" data-id=\"ca9da0a\" data-element_type=\"widget\" data-widget_type=\"heading.default\">\n\t\t\t\t<div class=\"elementor-widget-container\">\n\t\t\t<h2 class=\"elementor-heading-title elementor-size-default\">Activit\u00e9s du domaine<\/h2>\t\t<\/div>\n\t\t\t\t<\/div>\n\t\t\t\t<div class=\"elementor-element elementor-element-5af4d6ad elementor-widget elementor-widget-text-editor\" data-id=\"5af4d6ad\" data-element_type=\"widget\" data-widget_type=\"text-editor.default\">\n\t\t\t\t<div class=\"elementor-widget-container\">\n\t\t\t<div class=\"echo-debug\" style=\"display:none\">NULL\n<\/div>\t\t\t\t<div class=\"block-activites-domaine\"><div class=\"line\"><\/div><\/div>\t\t\t\t\t\t<\/div>\n\t\t\t\t<\/div>\n\t\t\t\t<div class=\"elementor-element elementor-element-4bdeca59 titre titre-contact elementor-widget elementor-widget-heading\" data-id=\"4bdeca59\" data-element_type=\"widget\" data-widget_type=\"heading.default\">\n\t\t\t\t<div class=\"elementor-widget-container\">\n\t\t\t<h2 class=\"elementor-heading-title elementor-size-default\">Contacts utiles<\/h2>\t\t<\/div>\n\t\t\t\t<\/div>\n\t\t\t\t<div class=\"elementor-element elementor-element-5145f2c block-contact elementor-widget elementor-widget-text-editor\" data-id=\"5145f2c\" data-element_type=\"widget\" data-widget_type=\"text-editor.default\">\n\t\t\t\t<div class=\"elementor-widget-container\">\n\t\t\t\t\t\t\t<div class=\"elementor-element elementor-element-ndkpjkf block-contact elementor-widget elementor-widget-text-editor\" data-id=\"ndkpjkf\" data-element_type=\"text-editor.default\"><div class=\"elementor-widget-container\"><div class=\"elementor-text-editor elementor-clearfix\"><p><strong>Office de Tourisme de Saint-Dalmas le Selvage<\/strong><br \/> Maison de Pays, 06660 Saint-Dalmas le Selvage<\/p><p>T\u00e9l. <a href=\"tel: 33493024640\">33(0)4 93 02 46 40<\/a><\/p><\/div><\/div><\/div>\t\t\t\t\t\t<\/div>\n\t\t\t\t<\/div>\n\t\t\t\t\t<\/div>\n\t\t<\/div>\n\t\t\t\t\t<\/div>\n\t\t<\/section>\n\t\t\t\t\t<\/div>\n\t\t<\/div>\n\t\t\t\t\t<\/div>\n\t\t<\/section>\n\t\t\t\t<section class=\"elementor-section elementor-inner-section elementor-element elementor-element-74c81a3 elementor-section-full_width elementor-section-height-default elementor-section-height-default\" data-id=\"74c81a3\" data-element_type=\"section\" data-settings=\"{&quot;background_background&quot;:&quot;classic&quot;}\">\n\t\t\t\t\t\t<div class=\"elementor-container elementor-column-gap-default\">\n\t\t\t\t\t<div class=\"elementor-column elementor-col-100 elementor-inner-column elementor-element elementor-element-27fea3f\" data-id=\"27fea3f\" data-element_type=\"column\" data-settings=\"{&quot;background_background&quot;:&quot;classic&quot;}\">\n\t\t\t<div class=\"elementor-widget-wrap elementor-element-populated\">\n\t\t\t\t\t\t<div class=\"elementor-element elementor-element-3507e725 elementor-widget elementor-widget-spacer\" data-id=\"3507e725\" data-element_type=\"widget\" data-widget_type=\"spacer.default\">\n\t\t\t\t<div class=\"elementor-widget-container\">\n\t\t\t\t\t<div class=\"elementor-spacer\">\n\t\t\t<div class=\"elementor-spacer-inner\"><\/div>\n\t\t<\/div>\n\t\t\t\t<\/div>\n\t\t\t\t<\/div>\n\t\t\t\t<div class=\"elementor-element elementor-element-24d21b9e titre titre-focus elementor-widget elementor-widget-heading\" data-id=\"24d21b9e\" data-element_type=\"widget\" data-widget_type=\"heading.default\">\n\t\t\t\t<div class=\"elementor-widget-container\">\n\t\t\t<h2 class=\"elementor-heading-title elementor-size-default\">FOCUS SUr LES stations nice c\u00f4te d'azur<\/h2>\t\t<\/div>\n\t\t\t\t<\/div>\n\t\t\t\t\t<\/div>\n\t\t<\/div>\n\t\t\t\t\t<\/div>\n\t\t<\/section>\n\t\t\t\t<section class=\"elementor-section elementor-top-section elementor-element elementor-element-19fcd7b0 elementor-section-full_width elementor-section-height-default elementor-section-height-default\" data-id=\"19fcd7b0\" data-element_type=\"section\">\n\t\t\t\t\t\t<div class=\"elementor-container elementor-column-gap-default\">\n\t\t\t\t\t<div class=\"elementor-column elementor-col-25 elementor-top-column elementor-element elementor-element-1027850a\" data-id=\"1027850a\" data-element_type=\"column\">\n\t\t\t<div class=\"elementor-widget-wrap elementor-element-populated\">\n\t\t\t\t\t\t<section class=\"elementor-section elementor-inner-section elementor-element elementor-element-168ac61c elementor-section-boxed elementor-section-height-default elementor-section-height-default\" data-id=\"168ac61c\" data-element_type=\"section\">\n\t\t\t\t\t\t<div class=\"elementor-container elementor-column-gap-default\">\n\t\t\t\t\t<div class=\"elementor-column elementor-col-100 elementor-inner-column elementor-element elementor-element-2aef23ae height320\" data-id=\"2aef23ae\" data-element_type=\"column\" data-settings=\"{&quot;background_background&quot;:&quot;classic&quot;}\">\n\t\t\t<div class=\"elementor-widget-wrap elementor-element-populated\">\n\t\t\t\t\t<div class=\"elementor-background-overlay\"><\/div>\n\t\t\t\t\t\t<div class=\"elementor-element elementor-element-14d280b hover-focus elementor-widget elementor-widget-image\" data-id=\"14d280b\" data-element_type=\"widget\" data-widget_type=\"image.default\">\n\t\t\t\t<div class=\"elementor-widget-container\">\n\t\t\t\t\t\t\t\t\t\t\t\t\t<img loading=\"lazy\" decoding=\"async\" width=\"200\" height=\"79\" src=\"https:\/\/www.stationsnicecotedazur.com\/wp-content\/uploads\/2016\/11\/logo_st-dalmas_blanc_retina.png\" class=\"attachment-large size-large wp-image-1405\" alt=\"\" \/>\t\t\t\t\t\t\t\t\t\t\t\t\t<\/div>\n\t\t\t\t<\/div>\n\t\t\t\t<div class=\"elementor-element elementor-element-40c63386 hover-focus elementor-widget-divider--view-line elementor-widget elementor-widget-divider\" data-id=\"40c63386\" data-element_type=\"widget\" data-widget_type=\"divider.default\">\n\t\t\t\t<div class=\"elementor-widget-container\">\n\t\t\t\t\t<div class=\"elementor-divider\">\n\t\t\t<span class=\"elementor-divider-separator\">\n\t\t\t\t\t\t<\/span>\n\t\t<\/div>\n\t\t\t\t<\/div>\n\t\t\t\t<\/div>\n\t\t\t\t<div class=\"elementor-element elementor-element-3f608c54 no-marg-img hover-focus elementor-widget elementor-widget-text-editor\" data-id=\"3f608c54\" data-element_type=\"widget\" data-widget_type=\"text-editor.default\">\n\t\t\t\t<div class=\"elementor-widget-container\">\n\t\t\t\t\t\t\t<p>SITU\u00c9 SUR LA ROUGE DE LA BONNETTE SAINT-DALMAS-LE-SELVAGE EST LE D\u00c9PART DE NOMBREUSES RANDONN\u00c9ES NORDIQUES<\/p>\t\t\t\t\t\t<\/div>\n\t\t\t\t<\/div>\n\t\t\t\t\t<\/div>\n\t\t<\/div>\n\t\t\t\t\t<\/div>\n\t\t<\/section>\n\t\t\t\t<section class=\"elementor-section elementor-inner-section elementor-element elementor-element-3c41ab45 elementor-section-boxed elementor-section-height-default elementor-section-height-default\" data-id=\"3c41ab45\" data-element_type=\"section\">\n\t\t\t\t\t\t<div class=\"elementor-container elementor-column-gap-default\">\n\t\t\t\t\t<div class=\"elementor-column elementor-col-100 elementor-inner-column elementor-element elementor-element-c408b4c height320\" data-id=\"c408b4c\" data-element_type=\"column\" data-settings=\"{&quot;background_background&quot;:&quot;classic&quot;}\">\n\t\t\t<div class=\"elementor-widget-wrap elementor-element-populated\">\n\t\t\t\t\t<div class=\"elementor-background-overlay\"><\/div>\n\t\t\t\t\t\t<div class=\"elementor-element elementor-element-bfbb6e3 hover-focus elementor-widget elementor-widget-image\" data-id=\"bfbb6e3\" data-element_type=\"widget\" data-widget_type=\"image.default\">\n\t\t\t\t<div class=\"elementor-widget-container\">\n\t\t\t\t\t\t\t\t\t\t\t\t\t<img loading=\"lazy\" decoding=\"async\" width=\"200\" height=\"79\" src=\"https:\/\/www.stationsnicecotedazur.com\/wp-content\/uploads\/2016\/11\/logo_st-dalmas_blanc_retina.png\" class=\"attachment-large size-large wp-image-1405\" alt=\"\" \/>\t\t\t\t\t\t\t\t\t\t\t\t\t<\/div>\n\t\t\t\t<\/div>\n\t\t\t\t<div class=\"elementor-element elementor-element-79833bf6 hover-focus elementor-widget-divider--view-line elementor-widget elementor-widget-divider\" data-id=\"79833bf6\" data-element_type=\"widget\" data-widget_type=\"divider.default\">\n\t\t\t\t<div class=\"elementor-widget-container\">\n\t\t\t\t\t<div class=\"elementor-divider\">\n\t\t\t<span class=\"elementor-divider-separator\">\n\t\t\t\t\t\t<\/span>\n\t\t<\/div>\n\t\t\t\t<\/div>\n\t\t\t\t<\/div>\n\t\t\t\t<div class=\"elementor-element elementor-element-dde3a37 no-marg-img hover-focus elementor-widget elementor-widget-text-editor\" data-id=\"dde3a37\" data-element_type=\"widget\" data-widget_type=\"text-editor.default\">\n\t\t\t\t<div class=\"elementor-widget-container\">\n\t\t\t\t\t\t\t<p>LA COMMUNE POSS\u00c8DE UN PATRIMOINE RELIGIEUX EXCEPTIONNEL, DONT L&rsquo;\u00c9GLISE PAROISSIALE SAINT-DALMAS DU XVIIIe SI\u00c8CLE CLASS\u00c9E MONUMENT HISTORIQUE<\/p>\t\t\t\t\t\t<\/div>\n\t\t\t\t<\/div>\n\t\t\t\t\t<\/div>\n\t\t<\/div>\n\t\t\t\t\t<\/div>\n\t\t<\/section>\n\t\t\t\t\t<\/div>\n\t\t<\/div>\n\t\t\t\t<div class=\"elementor-column elementor-col-25 elementor-top-column elementor-element elementor-element-21e5be40\" data-id=\"21e5be40\" data-element_type=\"column\">\n\t\t\t<div class=\"elementor-widget-wrap elementor-element-populated\">\n\t\t\t\t\t\t<section class=\"elementor-section elementor-inner-section elementor-element elementor-element-5defa95d elementor-section-boxed elementor-section-height-default elementor-section-height-default\" data-id=\"5defa95d\" data-element_type=\"section\">\n\t\t\t\t\t\t<div class=\"elementor-container elementor-column-gap-default\">\n\t\t\t\t\t<div class=\"elementor-column elementor-col-100 elementor-inner-column elementor-element elementor-element-3c1ff023 height640\" data-id=\"3c1ff023\" data-element_type=\"column\" data-settings=\"{&quot;background_background&quot;:&quot;classic&quot;}\">\n\t\t\t<div class=\"elementor-widget-wrap elementor-element-populated\">\n\t\t\t\t\t<div class=\"elementor-background-overlay\"><\/div>\n\t\t\t\t\t\t<div class=\"elementor-element elementor-element-848bc8b hover-focus elementor-widget elementor-widget-image\" data-id=\"848bc8b\" data-element_type=\"widget\" data-widget_type=\"image.default\">\n\t\t\t\t<div class=\"elementor-widget-container\">\n\t\t\t\t\t\t\t\t\t\t\t\t\t<img loading=\"lazy\" decoding=\"async\" width=\"200\" height=\"79\" src=\"https:\/\/www.stationsnicecotedazur.com\/wp-content\/uploads\/2016\/11\/logo_st-dalmas_blanc_retina.png\" class=\"attachment-large size-large wp-image-1405\" alt=\"\" \/>\t\t\t\t\t\t\t\t\t\t\t\t\t<\/div>\n\t\t\t\t<\/div>\n\t\t\t\t<div class=\"elementor-element elementor-element-1210df04 hover-focus elementor-widget-divider--view-line elementor-widget elementor-widget-divider\" data-id=\"1210df04\" data-element_type=\"widget\" data-widget_type=\"divider.default\">\n\t\t\t\t<div class=\"elementor-widget-container\">\n\t\t\t\t\t<div class=\"elementor-divider\">\n\t\t\t<span class=\"elementor-divider-separator\">\n\t\t\t\t\t\t<\/span>\n\t\t<\/div>\n\t\t\t\t<\/div>\n\t\t\t\t<\/div>\n\t\t\t\t<div class=\"elementor-element elementor-element-1cd15f14 no-marg-img hover-focus elementor-widget elementor-widget-text-editor\" data-id=\"1cd15f14\" data-element_type=\"widget\" data-widget_type=\"text-editor.default\">\n\t\t\t\t<div class=\"elementor-widget-container\">\n\t\t\t\t\t\t\t<p>EN 2013, SAINT-DALMAS-LE-SELVAGE A RE\u00c7U LE LABEL \u00ab STATION VILLAGE DES ALPES DU SUD \u00bb<\/p>\t\t\t\t\t\t<\/div>\n\t\t\t\t<\/div>\n\t\t\t\t\t<\/div>\n\t\t<\/div>\n\t\t\t\t\t<\/div>\n\t\t<\/section>\n\t\t\t\t\t<\/div>\n\t\t<\/div>\n\t\t\t\t<div class=\"elementor-column elementor-col-25 elementor-top-column elementor-element elementor-element-5911bafd\" data-id=\"5911bafd\" data-element_type=\"column\">\n\t\t\t<div class=\"elementor-widget-wrap elementor-element-populated\">\n\t\t\t\t\t\t<section class=\"elementor-section elementor-inner-section elementor-element elementor-element-6f623496 elementor-section-boxed elementor-section-height-default elementor-section-height-default\" data-id=\"6f623496\" data-element_type=\"section\">\n\t\t\t\t\t\t<div class=\"elementor-container elementor-column-gap-default\">\n\t\t\t\t\t<div class=\"elementor-column elementor-col-100 elementor-inner-column elementor-element elementor-element-759733a0 height320\" data-id=\"759733a0\" data-element_type=\"column\" data-settings=\"{&quot;background_background&quot;:&quot;classic&quot;}\">\n\t\t\t<div class=\"elementor-widget-wrap elementor-element-populated\">\n\t\t\t\t\t<div class=\"elementor-background-overlay\"><\/div>\n\t\t\t\t\t\t<div class=\"elementor-element elementor-element-8e67325 hover-focus elementor-widget elementor-widget-image\" data-id=\"8e67325\" data-element_type=\"widget\" data-widget_type=\"image.default\">\n\t\t\t\t<div class=\"elementor-widget-container\">\n\t\t\t\t\t\t\t\t\t\t\t\t\t<img loading=\"lazy\" decoding=\"async\" width=\"200\" height=\"79\" src=\"https:\/\/www.stationsnicecotedazur.com\/wp-content\/uploads\/2016\/11\/logo_st-dalmas_blanc_retina.png\" class=\"attachment-large size-large wp-image-1405\" alt=\"\" \/>\t\t\t\t\t\t\t\t\t\t\t\t\t<\/div>\n\t\t\t\t<\/div>\n\t\t\t\t<div class=\"elementor-element elementor-element-1cf596ae hover-focus elementor-widget-divider--view-line elementor-widget elementor-widget-divider\" data-id=\"1cf596ae\" data-element_type=\"widget\" data-widget_type=\"divider.default\">\n\t\t\t\t<div class=\"elementor-widget-container\">\n\t\t\t\t\t<div class=\"elementor-divider\">\n\t\t\t<span class=\"elementor-divider-separator\">\n\t\t\t\t\t\t<\/span>\n\t\t<\/div>\n\t\t\t\t<\/div>\n\t\t\t\t<\/div>\n\t\t\t\t<div class=\"elementor-element elementor-element-2eb31f06 no-marg-img hover-focus elementor-widget elementor-widget-text-editor\" data-id=\"2eb31f06\" data-element_type=\"widget\" data-widget_type=\"text-editor.default\">\n\t\t\t\t<div class=\"elementor-widget-container\">\n\t\t\t\t\t\t\t<p>LES RAQUETTES OFFRENT LE PLAISIR DE MARCHER SUR UNE \u00c9PAISSE COUCHE DE NEIGE POUDREUSE &#8211; \u00c9VASION NORDIQUE ASSUR\u00c9E !<\/p>\t\t\t\t\t\t<\/div>\n\t\t\t\t<\/div>\n\t\t\t\t\t<\/div>\n\t\t<\/div>\n\t\t\t\t\t<\/div>\n\t\t<\/section>\n\t\t\t\t<section class=\"elementor-section elementor-inner-section elementor-element elementor-element-34bbf830 elementor-section-boxed elementor-section-height-default elementor-section-height-default\" data-id=\"34bbf830\" data-element_type=\"section\">\n\t\t\t\t\t\t<div class=\"elementor-container elementor-column-gap-default\">\n\t\t\t\t\t<div class=\"elementor-column elementor-col-100 elementor-inner-column elementor-element elementor-element-7adf4345 height320\" data-id=\"7adf4345\" data-element_type=\"column\" data-settings=\"{&quot;background_background&quot;:&quot;classic&quot;}\">\n\t\t\t<div class=\"elementor-widget-wrap elementor-element-populated\">\n\t\t\t\t\t<div class=\"elementor-background-overlay\"><\/div>\n\t\t\t\t\t\t<div class=\"elementor-element elementor-element-b62c47d hover-focus elementor-widget elementor-widget-image\" data-id=\"b62c47d\" data-element_type=\"widget\" data-widget_type=\"image.default\">\n\t\t\t\t<div class=\"elementor-widget-container\">\n\t\t\t\t\t\t\t\t\t\t\t\t\t<img loading=\"lazy\" decoding=\"async\" width=\"200\" height=\"79\" src=\"https:\/\/www.stationsnicecotedazur.com\/wp-content\/uploads\/2016\/11\/logo_st-dalmas_blanc_retina.png\" class=\"attachment-large size-large wp-image-1405\" alt=\"\" \/>\t\t\t\t\t\t\t\t\t\t\t\t\t<\/div>\n\t\t\t\t<\/div>\n\t\t\t\t<div class=\"elementor-element elementor-element-4a0ac2c7 hover-focus elementor-widget-divider--view-line elementor-widget elementor-widget-divider\" data-id=\"4a0ac2c7\" data-element_type=\"widget\" data-widget_type=\"divider.default\">\n\t\t\t\t<div class=\"elementor-widget-container\">\n\t\t\t\t\t<div class=\"elementor-divider\">\n\t\t\t<span class=\"elementor-divider-separator\">\n\t\t\t\t\t\t<\/span>\n\t\t<\/div>\n\t\t\t\t<\/div>\n\t\t\t\t<\/div>\n\t\t\t\t<div class=\"elementor-element elementor-element-2409d3d8 no-marg-img hover-focus elementor-widget elementor-widget-text-editor\" data-id=\"2409d3d8\" data-element_type=\"widget\" data-widget_type=\"text-editor.default\">\n\t\t\t\t<div class=\"elementor-widget-container\">\n\t\t\t\t\t\t\t<p>LES TOITS EN BARDEAUX DE M\u00c9L\u00c8ZE, LA SP\u00c9CIFICIT\u00c9 DES HABITATIONS DU VILLAGE<\/p>\t\t\t\t\t\t<\/div>\n\t\t\t\t<\/div>\n\t\t\t\t\t<\/div>\n\t\t<\/div>\n\t\t\t\t\t<\/div>\n\t\t<\/section>\n\t\t\t\t\t<\/div>\n\t\t<\/div>\n\t\t\t\t<div class=\"elementor-column elementor-col-25 elementor-top-column elementor-element elementor-element-1c6b164a\" data-id=\"1c6b164a\" data-element_type=\"column\">\n\t\t\t<div class=\"elementor-widget-wrap elementor-element-populated\">\n\t\t\t\t\t\t<section class=\"elementor-section elementor-inner-section elementor-element elementor-element-780215f6 elementor-section-boxed elementor-section-height-default elementor-section-height-default\" data-id=\"780215f6\" data-element_type=\"section\">\n\t\t\t\t\t\t<div class=\"elementor-container elementor-column-gap-default\">\n\t\t\t\t\t<div class=\"elementor-column elementor-col-100 elementor-inner-column elementor-element elementor-element-20fe86ee height320\" data-id=\"20fe86ee\" data-element_type=\"column\" data-settings=\"{&quot;background_background&quot;:&quot;classic&quot;}\">\n\t\t\t<div class=\"elementor-widget-wrap elementor-element-populated\">\n\t\t\t\t\t<div class=\"elementor-background-overlay\"><\/div>\n\t\t\t\t\t\t<div class=\"elementor-element elementor-element-24ee29d hover-focus elementor-widget elementor-widget-image\" data-id=\"24ee29d\" data-element_type=\"widget\" data-widget_type=\"image.default\">\n\t\t\t\t<div class=\"elementor-widget-container\">\n\t\t\t\t\t\t\t\t\t\t\t\t\t<img loading=\"lazy\" decoding=\"async\" width=\"200\" height=\"79\" src=\"https:\/\/www.stationsnicecotedazur.com\/wp-content\/uploads\/2016\/11\/logo_st-dalmas_blanc_retina.png\" class=\"attachment-large size-large wp-image-1405\" alt=\"\" \/>\t\t\t\t\t\t\t\t\t\t\t\t\t<\/div>\n\t\t\t\t<\/div>\n\t\t\t\t<div class=\"elementor-element elementor-element-373be270 hover-focus elementor-widget-divider--view-line elementor-widget elementor-widget-divider\" data-id=\"373be270\" data-element_type=\"widget\" data-widget_type=\"divider.default\">\n\t\t\t\t<div class=\"elementor-widget-container\">\n\t\t\t\t\t<div class=\"elementor-divider\">\n\t\t\t<span class=\"elementor-divider-separator\">\n\t\t\t\t\t\t<\/span>\n\t\t<\/div>\n\t\t\t\t<\/div>\n\t\t\t\t<\/div>\n\t\t\t\t<div class=\"elementor-element elementor-element-605e3ca1 no-marg-img hover-focus elementor-widget elementor-widget-text-editor\" data-id=\"605e3ca1\" data-element_type=\"widget\" data-widget_type=\"text-editor.default\">\n\t\t\t\t<div class=\"elementor-widget-container\">\n\t\t\t\t\t\t\t<p>L&rsquo;\u00c9GLISE ABRITE DE NOMBREUSES \u0152UVRES DU XVIe SI\u00c8CLE<\/p>\t\t\t\t\t\t<\/div>\n\t\t\t\t<\/div>\n\t\t\t\t\t<\/div>\n\t\t<\/div>\n\t\t\t\t\t<\/div>\n\t\t<\/section>\n\t\t\t\t<section class=\"elementor-section elementor-inner-section elementor-element elementor-element-4570e693 elementor-section-boxed elementor-section-height-default elementor-section-height-default\" data-id=\"4570e693\" data-element_type=\"section\">\n\t\t\t\t\t\t<div class=\"elementor-container elementor-column-gap-default\">\n\t\t\t\t\t<div class=\"elementor-column elementor-col-100 elementor-inner-column elementor-element elementor-element-19b706d0 height320\" data-id=\"19b706d0\" data-element_type=\"column\" data-settings=\"{&quot;background_background&quot;:&quot;classic&quot;}\">\n\t\t\t<div class=\"elementor-widget-wrap elementor-element-populated\">\n\t\t\t\t\t<div class=\"elementor-background-overlay\"><\/div>\n\t\t\t\t\t\t<div class=\"elementor-element elementor-element-8df1313 hover-focus elementor-widget elementor-widget-image\" data-id=\"8df1313\" data-element_type=\"widget\" data-widget_type=\"image.default\">\n\t\t\t\t<div class=\"elementor-widget-container\">\n\t\t\t\t\t\t\t\t\t\t\t\t\t<img loading=\"lazy\" decoding=\"async\" width=\"200\" height=\"79\" src=\"https:\/\/www.stationsnicecotedazur.com\/wp-content\/uploads\/2016\/11\/logo_st-dalmas_blanc_retina.png\" class=\"attachment-large size-large wp-image-1405\" alt=\"\" \/>\t\t\t\t\t\t\t\t\t\t\t\t\t<\/div>\n\t\t\t\t<\/div>\n\t\t\t\t<div class=\"elementor-element elementor-element-4bedaa9c hover-focus elementor-widget-divider--view-line elementor-widget elementor-widget-divider\" data-id=\"4bedaa9c\" data-element_type=\"widget\" data-widget_type=\"divider.default\">\n\t\t\t\t<div class=\"elementor-widget-container\">\n\t\t\t\t\t<div class=\"elementor-divider\">\n\t\t\t<span class=\"elementor-divider-separator\">\n\t\t\t\t\t\t<\/span>\n\t\t<\/div>\n\t\t\t\t<\/div>\n\t\t\t\t<\/div>\n\t\t\t\t<div class=\"elementor-element elementor-element-e8cdc13 no-marg-img hover-focus elementor-widget elementor-widget-text-editor\" data-id=\"e8cdc13\" data-element_type=\"widget\" data-widget_type=\"text-editor.default\">\n\t\t\t\t<div class=\"elementor-widget-container\">\n\t\t\t\t\t\t\t<p>LES CADRANS SOLAIRES ORNENT LES FA\u00c7ADES DES MAISONS TRADITIONNELLES<\/p>\t\t\t\t\t\t<\/div>\n\t\t\t\t<\/div>\n\t\t\t\t\t<\/div>\n\t\t<\/div>\n\t\t\t\t\t<\/div>\n\t\t<\/section>\n\t\t\t\t\t<\/div>\n\t\t<\/div>\n\t\t\t\t\t<\/div>\n\t\t<\/section>\n\t\t\t\t<\/div>\n\t\t","protected":false},"excerpt":{"rendered":"<p>Webcam M\u00e9t\u00e9o Site internet Changer de station Saint-Dalmas le Selvage, une station village au patrimoine naturel exceptionnel Situ\u00e9 \u00e0 1500 m\u00e8tres d\u2019altitude, Saint-Dalmas le Selvage est le plus haut village des Alpes-Maritimes. Authentique et calme, cette p\u00e9pite du Mercantour offre aux visiteurs la possibilit\u00e9 de pratiquer de nombreuses activit\u00e9s sportives proches de la nature. Pour &hellip; <a href=\"https:\/\/www.stationsnicecotedazur.com\/fr\/station-hiver-st-dalmas-fr\/\" class=\"more-link\">Continuer la lecture<span class=\"screen-reader-text\"> de &laquo;&nbsp;Saint-Dalmas-le-Selvage en hiver&nbsp;&raquo;<\/span><\/a><\/p>\n","protected":false},"author":1,"featured_media":286,"parent":0,"menu_order":2,"comment_status":"closed","ping_status":"closed","template":"","meta":{"footnotes":""},"class_list":["post-1534","page","type-page","status-publish","has-post-thumbnail","hentry"],"yoast_head":"<!-- This site is optimized with the Yoast SEO plugin v24.0 - https:\/\/yoast.com\/wordpress\/plugins\/seo\/ -->\n<title>Station de Ski Saint Dalmas le Selvage, Ski randonn\u00e9es, Escalades - Stations du Mercantour<\/title>\n<meta name=\"description\" content=\"La station de ski Saint Dalmas le Selvage \u00e0 90 minutes de Nice il est le village le plus haut village des Alpes-Maritimes. R\u00e9servez vos forfait !\" \/>\n<meta name=\"robots\" content=\"index, follow, max-snippet:-1, max-image-preview:large, max-video-preview:-1\" \/>\n<link rel=\"canonical\" href=\"https:\/\/www.stationsnicecotedazur.com\/fr\/station-hiver-st-dalmas-fr\/\" \/>\n<meta property=\"og:locale\" content=\"fr_FR\" \/>\n<meta property=\"og:type\" content=\"article\" \/>\n<meta property=\"og:title\" content=\"Station de Ski Saint Dalmas le Selvage, Ski randonn\u00e9es, Escalades - Stations du Mercantour\" \/>\n<meta property=\"og:description\" content=\"La station de ski Saint Dalmas le Selvage \u00e0 90 minutes de Nice il est le village le plus haut village des Alpes-Maritimes. R\u00e9servez vos forfait !\" \/>\n<meta property=\"og:url\" content=\"https:\/\/www.stationsnicecotedazur.com\/fr\/station-hiver-st-dalmas-fr\/\" \/>\n<meta property=\"og:site_name\" content=\"Stations Nice C\u00f4te d&#039;Azur\" \/>\n<meta property=\"article:modified_time\" content=\"2024-12-12T09:43:01+00:00\" \/>\n<meta property=\"og:image\" content=\"https:\/\/www.stationsnicecotedazur.com\/wp-content\/uploads\/2016\/11\/St-Dalmas-2.jpg\" \/>\n\t<meta property=\"og:image:width\" content=\"1198\" \/>\n\t<meta property=\"og:image:height\" content=\"799\" \/>\n\t<meta property=\"og:image:type\" content=\"image\/jpeg\" \/>\n<meta name=\"twitter:card\" content=\"summary_large_image\" \/>\n<meta name=\"twitter:label1\" content=\"Dur\u00e9e de lecture estim\u00e9e\" \/>\n\t<meta name=\"twitter:data1\" content=\"7 minutes\" \/>\n<script type=\"application\/ld+json\" class=\"yoast-schema-graph\">{\"@context\":\"https:\/\/schema.org\",\"@graph\":[{\"@type\":\"WebPage\",\"@id\":\"https:\/\/www.stationsnicecotedazur.com\/fr\/station-hiver-st-dalmas-fr\/\",\"url\":\"https:\/\/www.stationsnicecotedazur.com\/fr\/station-hiver-st-dalmas-fr\/\",\"name\":\"Station de Ski Saint Dalmas le Selvage, Ski randonn\u00e9es, Escalades - Stations du Mercantour\",\"isPartOf\":{\"@id\":\"https:\/\/www.stationsnicecotedazur.com\/fr\/#website\"},\"primaryImageOfPage\":{\"@id\":\"https:\/\/www.stationsnicecotedazur.com\/fr\/station-hiver-st-dalmas-fr\/#primaryimage\"},\"image\":{\"@id\":\"https:\/\/www.stationsnicecotedazur.com\/fr\/station-hiver-st-dalmas-fr\/#primaryimage\"},\"thumbnailUrl\":\"https:\/\/www.stationsnicecotedazur.com\/wp-content\/uploads\/2016\/11\/St-Dalmas-2.jpg\",\"datePublished\":\"2016-11-09T10:52:33+00:00\",\"dateModified\":\"2024-12-12T09:43:01+00:00\",\"description\":\"La station de ski Saint Dalmas le Selvage \u00e0 90 minutes de Nice il est le village le plus haut village des Alpes-Maritimes. R\u00e9servez vos forfait !\",\"breadcrumb\":{\"@id\":\"https:\/\/www.stationsnicecotedazur.com\/fr\/station-hiver-st-dalmas-fr\/#breadcrumb\"},\"inLanguage\":\"fr-FR\",\"potentialAction\":[{\"@type\":\"ReadAction\",\"target\":[\"https:\/\/www.stationsnicecotedazur.com\/fr\/station-hiver-st-dalmas-fr\/\"]}]},{\"@type\":\"ImageObject\",\"inLanguage\":\"fr-FR\",\"@id\":\"https:\/\/www.stationsnicecotedazur.com\/fr\/station-hiver-st-dalmas-fr\/#primaryimage\",\"url\":\"https:\/\/www.stationsnicecotedazur.com\/wp-content\/uploads\/2016\/11\/St-Dalmas-2.jpg\",\"contentUrl\":\"https:\/\/www.stationsnicecotedazur.com\/wp-content\/uploads\/2016\/11\/St-Dalmas-2.jpg\",\"width\":1198,\"height\":799,\"caption\":\"ST DALMAS LE SELVAGE - STATION DU MERCANTOUR - 06 ALPES MARITIMES FRANCE\"},{\"@type\":\"BreadcrumbList\",\"@id\":\"https:\/\/www.stationsnicecotedazur.com\/fr\/station-hiver-st-dalmas-fr\/#breadcrumb\",\"itemListElement\":[{\"@type\":\"ListItem\",\"position\":1,\"name\":\"Accueil\",\"item\":\"https:\/\/www.stationsnicecotedazur.com\/fr\/\"},{\"@type\":\"ListItem\",\"position\":2,\"name\":\"Saint-Dalmas-le-Selvage en hiver\"}]},{\"@type\":\"WebSite\",\"@id\":\"https:\/\/www.stationsnicecotedazur.com\/fr\/#website\",\"url\":\"https:\/\/www.stationsnicecotedazur.com\/fr\/\",\"name\":\"Stations Nice C\u00f4te d&#039;Azur\",\"description\":\"...\",\"publisher\":{\"@id\":\"https:\/\/www.stationsnicecotedazur.com\/fr\/#organization\"},\"inLanguage\":\"fr-FR\"},{\"@type\":\"Organization\",\"@id\":\"https:\/\/www.stationsnicecotedazur.com\/fr\/#organization\",\"name\":\"Stations Nice C\u00f4te d&#039;Azur\",\"url\":\"https:\/\/www.stationsnicecotedazur.com\/fr\/\",\"logo\":{\"@type\":\"ImageObject\",\"inLanguage\":\"fr-FR\",\"@id\":\"https:\/\/www.stationsnicecotedazur.com\/fr\/#\/schema\/logo\/image\/\",\"url\":\"https:\/\/www.stationsnicecotedazur.com\/wp-content\/uploads\/2024\/11\/SNCA_LOGO_2024.png\",\"contentUrl\":\"https:\/\/www.stationsnicecotedazur.com\/wp-content\/uploads\/2024\/11\/SNCA_LOGO_2024.png\",\"width\":192,\"height\":129,\"caption\":\"Stations Nice C\u00f4te d&#039;Azur\"},\"image\":{\"@id\":\"https:\/\/www.stationsnicecotedazur.com\/fr\/#\/schema\/logo\/image\/\"}}]}<\/script>\n<!-- \/ Yoast SEO plugin. -->","yoast_head_json":{"title":"Station de Ski Saint Dalmas le Selvage, Ski randonn\u00e9es, Escalades - Stations du Mercantour","description":"La station de ski Saint Dalmas le Selvage \u00e0 90 minutes de Nice il est le village le plus haut village des Alpes-Maritimes. R\u00e9servez vos forfait !","robots":{"index":"index","follow":"follow","max-snippet":"max-snippet:-1","max-image-preview":"max-image-preview:large","max-video-preview":"max-video-preview:-1"},"canonical":"https:\/\/www.stationsnicecotedazur.com\/fr\/station-hiver-st-dalmas-fr\/","og_locale":"fr_FR","og_type":"article","og_title":"Station de Ski Saint Dalmas le Selvage, Ski randonn\u00e9es, Escalades - Stations du Mercantour","og_description":"La station de ski Saint Dalmas le Selvage \u00e0 90 minutes de Nice il est le village le plus haut village des Alpes-Maritimes. R\u00e9servez vos forfait !","og_url":"https:\/\/www.stationsnicecotedazur.com\/fr\/station-hiver-st-dalmas-fr\/","og_site_name":"Stations Nice C\u00f4te d&#039;Azur","article_modified_time":"2024-12-12T09:43:01+00:00","og_image":[{"width":1198,"height":799,"url":"https:\/\/www.stationsnicecotedazur.com\/wp-content\/uploads\/2016\/11\/St-Dalmas-2.jpg","type":"image\/jpeg"}],"twitter_card":"summary_large_image","twitter_misc":{"Dur\u00e9e de lecture estim\u00e9e":"7 minutes"},"schema":{"@context":"https:\/\/schema.org","@graph":[{"@type":"WebPage","@id":"https:\/\/www.stationsnicecotedazur.com\/fr\/station-hiver-st-dalmas-fr\/","url":"https:\/\/www.stationsnicecotedazur.com\/fr\/station-hiver-st-dalmas-fr\/","name":"Station de Ski Saint Dalmas le Selvage, Ski randonn\u00e9es, Escalades - Stations du Mercantour","isPartOf":{"@id":"https:\/\/www.stationsnicecotedazur.com\/fr\/#website"},"primaryImageOfPage":{"@id":"https:\/\/www.stationsnicecotedazur.com\/fr\/station-hiver-st-dalmas-fr\/#primaryimage"},"image":{"@id":"https:\/\/www.stationsnicecotedazur.com\/fr\/station-hiver-st-dalmas-fr\/#primaryimage"},"thumbnailUrl":"https:\/\/www.stationsnicecotedazur.com\/wp-content\/uploads\/2016\/11\/St-Dalmas-2.jpg","datePublished":"2016-11-09T10:52:33+00:00","dateModified":"2024-12-12T09:43:01+00:00","description":"La station de ski Saint Dalmas le Selvage \u00e0 90 minutes de Nice il est le village le plus haut village des Alpes-Maritimes. R\u00e9servez vos forfait !","breadcrumb":{"@id":"https:\/\/www.stationsnicecotedazur.com\/fr\/station-hiver-st-dalmas-fr\/#breadcrumb"},"inLanguage":"fr-FR","potentialAction":[{"@type":"ReadAction","target":["https:\/\/www.stationsnicecotedazur.com\/fr\/station-hiver-st-dalmas-fr\/"]}]},{"@type":"ImageObject","inLanguage":"fr-FR","@id":"https:\/\/www.stationsnicecotedazur.com\/fr\/station-hiver-st-dalmas-fr\/#primaryimage","url":"https:\/\/www.stationsnicecotedazur.com\/wp-content\/uploads\/2016\/11\/St-Dalmas-2.jpg","contentUrl":"https:\/\/www.stationsnicecotedazur.com\/wp-content\/uploads\/2016\/11\/St-Dalmas-2.jpg","width":1198,"height":799,"caption":"ST DALMAS LE SELVAGE - STATION DU MERCANTOUR - 06 ALPES MARITIMES FRANCE"},{"@type":"BreadcrumbList","@id":"https:\/\/www.stationsnicecotedazur.com\/fr\/station-hiver-st-dalmas-fr\/#breadcrumb","itemListElement":[{"@type":"ListItem","position":1,"name":"Accueil","item":"https:\/\/www.stationsnicecotedazur.com\/fr\/"},{"@type":"ListItem","position":2,"name":"Saint-Dalmas-le-Selvage en hiver"}]},{"@type":"WebSite","@id":"https:\/\/www.stationsnicecotedazur.com\/fr\/#website","url":"https:\/\/www.stationsnicecotedazur.com\/fr\/","name":"Stations Nice C\u00f4te d&#039;Azur","description":"...","publisher":{"@id":"https:\/\/www.stationsnicecotedazur.com\/fr\/#organization"},"inLanguage":"fr-FR"},{"@type":"Organization","@id":"https:\/\/www.stationsnicecotedazur.com\/fr\/#organization","name":"Stations Nice C\u00f4te d&#039;Azur","url":"https:\/\/www.stationsnicecotedazur.com\/fr\/","logo":{"@type":"ImageObject","inLanguage":"fr-FR","@id":"https:\/\/www.stationsnicecotedazur.com\/fr\/#\/schema\/logo\/image\/","url":"https:\/\/www.stationsnicecotedazur.com\/wp-content\/uploads\/2024\/11\/SNCA_LOGO_2024.png","contentUrl":"https:\/\/www.stationsnicecotedazur.com\/wp-content\/uploads\/2024\/11\/SNCA_LOGO_2024.png","width":192,"height":129,"caption":"Stations Nice C\u00f4te d&#039;Azur"},"image":{"@id":"https:\/\/www.stationsnicecotedazur.com\/fr\/#\/schema\/logo\/image\/"}}]}},"_links":{"self":[{"href":"https:\/\/www.stationsnicecotedazur.com\/fr\/wp-json\/wp\/v2\/pages\/1534","targetHints":{"allow":["GET"]}}],"collection":[{"href":"https:\/\/www.stationsnicecotedazur.com\/fr\/wp-json\/wp\/v2\/pages"}],"about":[{"href":"https:\/\/www.stationsnicecotedazur.com\/fr\/wp-json\/wp\/v2\/types\/page"}],"author":[{"embeddable":true,"href":"https:\/\/www.stationsnicecotedazur.com\/fr\/wp-json\/wp\/v2\/users\/1"}],"replies":[{"embeddable":true,"href":"https:\/\/www.stationsnicecotedazur.com\/fr\/wp-json\/wp\/v2\/comments?post=1534"}],"version-history":[{"count":31,"href":"https:\/\/www.stationsnicecotedazur.com\/fr\/wp-json\/wp\/v2\/pages\/1534\/revisions"}],"predecessor-version":[{"id":9764,"href":"https:\/\/www.stationsnicecotedazur.com\/fr\/wp-json\/wp\/v2\/pages\/1534\/revisions\/9764"}],"wp:featuredmedia":[{"embeddable":true,"href":"https:\/\/www.stationsnicecotedazur.com\/fr\/wp-json\/wp\/v2\/media\/286"}],"wp:attachment":[{"href":"https:\/\/www.stationsnicecotedazur.com\/fr\/wp-json\/wp\/v2\/media?parent=1534"}],"curies":[{"name":"wp","href":"https:\/\/api.w.org\/{rel}","templated":true}]}}